{"id":86,"date":"2016-02-09T23:06:00","date_gmt":"2016-02-09T22:06:00","guid":{"rendered":"http:\/\/www.kindergruppeamerlinghaus.at\/web\/?page_id=86"},"modified":"2023-01-08T19:06:14","modified_gmt":"2023-01-08T18:06:14","slug":"linda-selma-oberndorfer","status":"publish","type":"page","link":"https:\/\/www.kindergruppeamerlinghaus.at\/web\/teaminfo\/linda-selma-oberndorfer\/","title":{"rendered":"Mona Graf"},"content":{"rendered":"<blockquote><p>geboren 1993, ist Mona Kindergruppenbetreuerin, Montessorip\u00e4dagogin und Elementarp\u00e4dagogin. Neben ihrer Arbeit in der Kindergruppe Amerlinghaus studiert sie Technisches und Textiles Werken sowie Inklusive P\u00e4dagogik.<\/p><\/blockquote>\n<p><img loading=\"lazy\" decoding=\"async\" class=\"wp-image-992 size-large alignnone\" src=\"http:\/\/www.kindergruppeamerlinghaus.at\/web\/wp-content\/uploads\/2023\/01\/DSC_5074-1024x681.jpg\" alt=\"\" width=\"640\" height=\"426\" srcset=\"https:\/\/www.kindergruppeamerlinghaus.at\/web\/wp-content\/uploads\/2023\/01\/DSC_5074-1024x681.jpg 1024w, https:\/\/www.kindergruppeamerlinghaus.at\/web\/wp-content\/uploads\/2023\/01\/DSC_5074-300x200.jpg 300w, https:\/\/www.kindergruppeamerlinghaus.at\/web\/wp-content\/uploads\/2023\/01\/DSC_5074-768x511.jpg 768w, https:\/\/www.kindergruppeamerlinghaus.at\/web\/wp-content\/uploads\/2023\/01\/DSC_5074-1536x1022.jpg 1536w, https:\/\/www.kindergruppeamerlinghaus.at\/web\/wp-content\/uploads\/2023\/01\/DSC_5074-2048x1363.jpg 2048w\" sizes=\"auto, (max-width: 640px) 100vw, 640px\" \/><\/p>\n<p style=\"font-weight: 400;\">Mona ist die kreative Entfaltung der Kinder besonders wichtig. \u201eSie sollen schon fr\u00fch erleben, wie sie ihre Umgebung aktiv gestalten k\u00f6nnen, indem sie ihren eigenen Vorstellungen und Motivationen nachgehen und etwas erschaffen. Mit unterschiedlichen Materialen, Werkzeugen und Techniken k\u00f6nnen sie die M\u00f6glichkeiten und Grenzen der Umsetzung ihrer Ideen erkunden. Das sind f\u00fcr mich ganz wichtige, authentische Lernprozesse in der Kindheit.\u201c Die Kindergruppe Amerlinghaus zeichnet sich f\u00fcr Mona durch gelebte Gemeinschaft, gegenseitige Annahme und die Einladung und Freiheit sich einzubringen aus.<\/p>\n","protected":false},"excerpt":{"rendered":"<p>geboren 1993, ist Mona Kindergruppenbetreuerin, Montessorip\u00e4dagogin und Elementarp\u00e4dagogin. Neben ihrer Arbeit in der Kindergruppe Amerlinghaus studiert sie Technisches&#8230;<\/p>\n","protected":false},"author":1,"featured_media":991,"parent":18,"menu_order":2,"comment_status":"closed","ping_status":"closed","template":"","meta":{"footnotes":""},"class_list":["post-86","page","type-page","status-publish","has-post-thumbnail","hentry"],"_links":{"self":[{"href":"https:\/\/www.kindergruppeamerlinghaus.at\/web\/wp-json\/wp\/v2\/pages\/86","targetHints":{"allow":["GET"]}}],"collection":[{"href":"https:\/\/www.kindergruppeamerlinghaus.at\/web\/wp-json\/wp\/v2\/pages"}],"about":[{"href":"https:\/\/www.kindergruppeamerlinghaus.at\/web\/wp-json\/wp\/v2\/types\/page"}],"author":[{"embeddable":true,"href":"https:\/\/www.kindergruppeamerlinghaus.at\/web\/wp-json\/wp\/v2\/users\/1"}],"replies":[{"embeddable":true,"href":"https:\/\/www.kindergruppeamerlinghaus.at\/web\/wp-json\/wp\/v2\/comments?post=86"}],"version-history":[{"count":7,"href":"https:\/\/www.kindergruppeamerlinghaus.at\/web\/wp-json\/wp\/v2\/pages\/86\/revisions"}],"predecessor-version":[{"id":999,"href":"https:\/\/www.kindergruppeamerlinghaus.at\/web\/wp-json\/wp\/v2\/pages\/86\/revisions\/999"}],"up":[{"embeddable":true,"href":"https:\/\/www.kindergruppeamerlinghaus.at\/web\/wp-json\/wp\/v2\/pages\/18"}],"wp:featuredmedia":[{"embeddable":true,"href":"https:\/\/www.kindergruppeamerlinghaus.at\/web\/wp-json\/wp\/v2\/media\/991"}],"wp:attachment":[{"href":"https:\/\/www.kindergruppeamerlinghaus.at\/web\/wp-json\/wp\/v2\/media?parent=86"}],"curies":[{"name":"wp","href":"https:\/\/api.w.org\/{rel}","templated":true}]}}